{"id":5999,"date":"2026-01-09T14:33:06","date_gmt":"2026-01-09T20:33:06","guid":{"rendered":"https:\/\/revistapantalla.com\/?page_id=5999"},"modified":"2026-01-09T14:59:28","modified_gmt":"2026-01-09T20:59:28","slug":"reglamento-festival-red","status":"publish","type":"page","link":"https:\/\/revistapantalla.com\/?page_id=5999","title":{"rendered":"Reglamento Festival RED"},"content":{"rendered":"\t\t<div data-elementor-type=\"wp-page\" data-elementor-id=\"5999\" class=\"elementor elementor-5999\" data-elementor-post-type=\"page\">\n\t\t\t\t<div class=\"elementor-element elementor-element-e1320dd e-flex e-con-boxed e-con e-parent\" data-id=\"e1320dd\" data-element_type=\"container\" data-e-type=\"container\">\n\t\t\t\t\t<div class=\"e-con-inner\">\n\t\t\t\t<div class=\"elementor-element elementor-element-14003f6 elementor-widget elementor-widget-heading\" data-id=\"14003f6\" data-element_type=\"widget\" data-e-type=\"widget\" data-widget_type=\"heading.default\">\n\t\t\t\t\t<h2 class=\"elementor-heading-title elementor-size-default\">Bases Festival Pantalla de Cristal \/ Premios Especiales para la RED M\u00e9xico \/ ATEI<\/h2>\t\t\t\t<\/div>\n\t\t\t\t<div class=\"elementor-element elementor-element-08dd68f elementor-widget elementor-widget-image\" data-id=\"08dd68f\" data-element_type=\"widget\" data-e-type=\"widget\" data-widget_type=\"image.default\">\n\t\t\t\t\t\t\t\t\t\t\t\t\t\t\t\t<a href=\"https:\/\/revistapantalla.com\/?page_id=5989\">\n\t\t\t\t\t\t\t<img fetchpriority=\"high\" decoding=\"async\" width=\"768\" height=\"431\" src=\"https:\/\/revistapantalla.com\/wp-content\/uploads\/2025\/12\/red-2-768x431.png\" class=\"attachment-medium_large size-medium_large wp-image-5341\" alt=\"\" srcset=\"https:\/\/revistapantalla.com\/wp-content\/uploads\/2025\/12\/red-2-768x431.png 768w, https:\/\/revistapantalla.com\/wp-content\/uploads\/2025\/12\/red-2-300x168.png 300w, https:\/\/revistapantalla.com\/wp-content\/uploads\/2025\/12\/red-2.png 980w\" sizes=\"(max-width: 768px) 100vw, 768px\" \/>\t\t\t\t\t\t\t\t<\/a>\n\t\t\t\t\t\t\t\t\t\t\t\t\t\t\t<\/div>\n\t\t\t\t<div class=\"elementor-element elementor-element-9af5c5a elementor-align-center elementor-widget elementor-widget-button\" data-id=\"9af5c5a\" data-element_type=\"widget\" data-e-type=\"widget\" data-widget_type=\"button.default\">\n\t\t\t\t\t\t\t\t\t\t<a class=\"elementor-button elementor-button-link elementor-size-sm elementor-animation-grow\" href=\"https:\/\/revistapantalla.com\/?page_id=5989\">\n\t\t\t\t\t\t<span class=\"elementor-button-content-wrapper\">\n\t\t\t\t\t\t\t\t\t<span class=\"elementor-button-text\">\ud83d\udc49 Inscribe tu pieza aqu\u00ed \ud83d\udc48<\/span>\n\t\t\t\t\t<\/span>\n\t\t\t\t\t<\/a>\n\t\t\t\t\t\t\t\t<\/div>\n\t\t\t\t<div class=\"elementor-element elementor-element-01c4d50 elementor-widget elementor-widget-text-editor\" data-id=\"01c4d50\" data-element_type=\"widget\" data-e-type=\"widget\" data-widget_type=\"text-editor.default\">\n\t\t\t\t\t\t\t\t\t<h3><strong>Inscripciones abiertas al Festival Pantalla de Cristal \/ Premios Especiales para la RED M\u00e9xico \/ ATEI<\/strong><\/h3><p><strong>CL\u00c1USULA PRIMERA<\/strong>. El objetivo principal de los Premios Especiales del Festival<br \/>Pantalla de Cristal \/ RED de Medios P\u00fablicos \/ ATEI, es<br \/>reconocer, motivar y dar \u00e1nimo mayor a canales y estaciones<br \/>de radio, y a quienes colaboran en los medios p\u00fablicos,<br \/>para desarrollar al m\u00e1ximo todas sus capacidades creativas<br \/>y de comunicaci\u00f3n con la audiencia.<\/p><p><strong>CL\u00c1USULA SEGUNDA.<\/strong> Podr\u00e1n participar en todas las categor\u00edas,<br \/>producciones realizadas por Miembros Activos de la Red<br \/>M\u00e9xico de Medios P\u00fablicos y de ATEI \/ Asociaci\u00f3n de las<br \/>Televisiones Educativas y Culturales Iberoamericanas.<\/p><p><strong>CL\u00c1USULA TERCERA<\/strong>. Para su inscripci\u00f3n y exhibici\u00f3n en Selecci\u00f3n y Sesi\u00f3n<br \/>de Jurado, deber\u00e1 enviarse el link que nos permita proyectar<br \/>el material audiovisual. En la Ficha de Inscripci\u00f3n se destina un espacio para el link de cada producci\u00f3n, sea Vimeo o YouTube, o se da la posibilidad de colocar el link en Ruta de Descarga.<\/p><p><strong>CL\u00c1USULA CUARTA. \u00a0\ud83d\udc49Fecha de Inscripci\u00f3n del viernes 9 al viernes 30, Enero 2026.\ud83d\udc48<br \/><\/strong><br \/><strong>CLA\u00daSULA QUINTA.<\/strong> La Ficha de Inscripci\u00f3n \u00fanicamente ser\u00e1 llenada por internet<br \/>en RevistaPantalla.com en la secci\u00f3n Festival<br \/>Pantalla de Cristal \/ Premios Especiales RED \/ ATEI, a partir del viernes 9 de enero 2026.<\/p><p><strong>CL\u00c1USULA SEXTA. Las categor\u00edas en competencia son las siguientes:<\/strong><\/p><p>\u2014\u2014\u2014\u2014\u2014\u2014\u2014\u2014\u2014\u2014\u2014\u2014\u2014\u2014\u2014\u2014\u2014\u2014\u2014\u2014\u2014\u2013<\/p><h5>\u2022 <strong>Categor\u00edas de<\/strong> <strong>Televisi\u00f3n<\/strong><br \/>(se inscribe por pieza\/spot o producci\u00f3n)<\/h5><ol class=\"wp-block-list\"><li>Campa\u00f1a de Promoci\u00f3n de Canal de Televisi\u00f3n \/<br \/>Imagen-Identidad de Canal<\/li><li>Campa\u00f1a de Promoci\u00f3n de Programa de Televisi\u00f3n<\/li><li>Campa\u00f1a de Promoci\u00f3n de Evento y\/o Transmisi\u00f3n<br \/>Especial de Televisi\u00f3n<\/li><li>Formato Original de Programa de Opini\u00f3n de Televisi\u00f3n<\/li><li>Formato Original de Programa de Entrevista de Televisi\u00f3n<\/li><li>Formato Original de Programa de Entretenimiento<br \/>de Televisi\u00f3n<\/li><\/ol><p>\u2014\u2014\u2014\u2014\u2014\u2014\u2014\u2014\u2014\u2014\u2014\u2014\u2014\u2014\u2014\u2014\u2014\u2014\u2014\u2014\u2013<\/p><h5><strong>\u2022 Categor\u00edas de Radio<\/strong><\/h5><ol class=\"wp-block-list\"><li>Campa\u00f1a de Promoci\u00f3n de Estaci\u00f3n de Radio<br \/>en Redes Sociales.<\/li><li>Formato original de Programa de Radio<\/li><\/ol><p><strong>\u2014\u2014\u2014\u2014\u2014\u2014\u2014\u2014\u2014\u2014\u2014\u2014\u2014\u2014\u2014\u2014\u2014\u2014\u2014\u2014\u2014-<\/strong><\/p><p><strong>\u2022 Categor\u00eda: Premio Especial Personalidad de Pantalla<\/strong><br \/>que se distinga por el reconocimiento al valor<br \/>de su trabajo por parte de la audiencia y tambi\u00e9n<br \/>dentro del mismo medio p\u00fablico en el que colabora.<\/p><p>\u25ba Importante: Cada Medio P\u00fablico elegir\u00e1 de forma directa a una<br \/>Personalidad de Pantalla y\/o del micr\u00f3fono en radio,<br \/>que considere brillante en esta Categoria. Su propuesta<br \/>deber\u00e1 igualmente inscribirla en la Ficha de Inscripci\u00f3n.<\/p><p><strong>\u2014\u2014\u2014\u2014\u2014\u2014\u2014\u2014\u2014\u2014\u2014\u2014\u2014\u2014\u2014\u2014\u2014\u2014\u2014\u2014\u2014\u2013<\/strong><\/p><h5><strong>\u2022 Categor\u00eda Premio Especial \u2013 Desarrollo Nuevo Modelo \/<br \/>Mundo MultiPlataforma<\/strong><\/h5><p>\u25ba Cada Medio deber\u00e1 mostrar en un video de 1 a 3 minutos<br \/>su Proyecto de Nuevo Modelo \/ Mundo MultiPlataforma<br \/>en el que permita conocer datos de seguidores, n\u00famero<br \/>de cuentas activas en redes sociales y n\u00famero<br \/>de interacciones y\/o vistas.<\/p><p><strong>\u2014\u2014\u2014\u2014\u2014\u2014\u2014\u2014\u2014\u2014\u2014\u2014\u2014\u2014\u2014\u2014\u2014\u2014\u2014\u2014\u2014-<\/strong><\/p><h5><strong>CL\u00c1USULA S\u00c9PTIMA. Aqu\u00ed 8 Categor\u00edas Especiales para fomentar la creatividad<br \/>de Identidad de cada Medio P\u00fablico y de sus producciones, y tambi\u00e9n el animar su compromiso<br \/>social y cultural.<\/strong><\/h5><ol class=\"wp-block-list\"><li><strong>Tema-Musical \/ Identificaci\u00f3n de Medio P\u00fablico<\/strong><br \/>\u25ba Se deber\u00e1 enviar link con el audio, idealmente el audio<br \/>con la imagen de identidad de canal.<\/li><li><strong>Logotipo de Medio P\u00fablico<\/strong><br \/>\u25ba Se deber\u00e1 enviar link con sus versiones en imagen fija,<br \/>idealmente en audiovisual en movimiento.<\/li><li><strong>Campa\u00f1a: Erradicar la violencia machista y nueva era de<br \/>convivencia social con equidad de g\u00e9nero y sin bullying<\/strong><br \/>\u25baInvitamos a todos los asociados a la RED y ATEI<br \/>a producir uno o m\u00e1s Spots de una Campa\u00f1a de Promoci\u00f3n<br \/>de Car\u00e1cter Social con el tema: Erradicar la violencia<br \/>machista y nueva era de convivencia social con equidad<br \/>de g\u00e9nero y sin bullying.<br \/>\u2013 Inscribir Campa\u00f1a para Televisi\u00f3n \u2013 Internet<br \/>\u2013 O inscribir en el Apartado Campa\u00f1a de Radio<\/li><li><strong>C\u00e1psulas de Divulgaci\u00f3n Cient\u00edfica<\/strong><br \/>\u25baProducciones audiovisuales con contenido de Divulgaci\u00f3n<br \/>Cient\u00edfica (Duraci\u00f3n aproximada de 3 a 5 minutos cada pieza)<\/li><li><strong>C\u00e1psulas de Divulgaci\u00f3n Cultural<\/strong><br \/>\u25baProducciones audiovisuales con contenido de Divulgaci\u00f3n<br \/>Cultural (Duraci\u00f3n aproximada promedio de 3 a 5 minutos por pieza)<\/li><li><strong>Escenograf\u00eda Original de Programa de Opini\u00f3n de Televisi\u00f3n<\/strong><\/li><li><strong>Escenograf\u00eda Original de Programa de Entretenimiento<br \/>de Televisi\u00f3n<\/strong><\/li><li><strong>Escenograf\u00eda Original de Noticiero de Televisi\u00f3n<\/strong><\/li><\/ol><p>\u00a0<\/p><p><strong>\u2014\u2014\u2014\u2014\u2014\u2014\u2014\u2014\u2014\u2014\u2014\u2014\u2014\u2014\u2014\u2014\u2014\u2014\u2014\u2014\u2014\u2014\u2014\u2014\u2014<\/strong><\/p><p>\u00a0<\/p><p><strong>CL\u00c1USULA OCTAVA<\/strong>. Ser\u00e1n aceptadas producciones concluidas (significa: terminadas<br \/>y\/o estrenadas) durante 2024, 2025 y hasta el 30 de enero de 2026.<\/p><p><strong>CL\u00c1USULA NOVENA<\/strong>. Costo de inscripci\u00f3n por cada pieza inscrita:<br \/>$990.00 (Novecientos noventa pesos 00\/100 M.N.).<\/p><p><strong>CL\u00c1USULA D\u00c9CIMA<\/strong>. Los trabajos inscritos se exhibir\u00e1n en Sesiones de Jurado<br \/>en marzo\/abril de 2026. (Ver Programaci\u00f3n de Producciones en<br \/>Competencia despu\u00e9s del 20 de marzo en RevistaPantalla.com \/<br \/>secci\u00f3n Festival Pantalla de Cristal \/ Premios Especiales RED \/ ATEI).<\/p><p>\u2022 Las Sesiones de Jurado se llevar\u00e1n a cabo en la Plataforma<br \/>del Festival Pantalla de Cristal, al t\u00e9rmino de la deliberaci\u00f3n<br \/>el Jurado deber\u00e1 resolver Nominados Finalistas y Ganadores.<\/p><p>\u2022 El Jurado ser\u00e1 integrado por personas de reconocido prestigio.<\/p><p>\u2022 El Festival definir\u00e1 una Selecci\u00f3n por Categor\u00eda de los<br \/>materiales en competencia, de tal forma que se dar\u00e1n<br \/>a conocer Selecci\u00f3n, Nominados y Ganadores.<\/p><p><strong>CL\u00c1USULA ONCEAVA<\/strong>. Los Nominados Finalistas y el d\u00eda preciso de la Ceremonia<br \/>de Premiaci\u00f3n, se dar\u00e1 a conocer con anticipaci\u00f3n a m\u00e1s tardar<br \/>en la segunda semana de mayo de 2026 en RevistaPantalla.com.<\/p><p><strong>\u2014\u2014\u2014\u2014\u2014\u2014\u2014\u2014\u2014\u2014\u2014\u2014\u2014\u2014\u2014\u2014\u2014\u2014\u2014\u2014\u2014\u2014-<\/strong><\/p><p><strong>C\u00c1USULA DOCEAVA<\/strong>. El Jurado otorgar\u00e1 los siguientes premios:<\/p><p><strong>\u2013 Un s\u00f3lo ganador por Categor\u00eda y Especialidad recibir\u00e1 el Premio<br \/>Pantalla de Cristal<\/strong>, lo entregaremos al medio p\u00fablico y tambi\u00e9n<br \/>a quien el medio p\u00fablico d\u00e9 el cr\u00e9dito de realizaci\u00f3n y creatividad.<\/p><p>\u2013 En el caso espec\u00edfico del Premio Especial Personalidad<br \/>de Pantalla \/ de Radio, recibir\u00e1n el Premio<br \/>Pantalla de Cristal cada una de las personalidades elegidas.<\/p><p>\u2013 En el caso espec\u00edfico del Premio Especial \u2013 Desarrollo Nuevo<br \/>Modelo \/ Mundo MultiPlataforma, lo entregaremos al medio<br \/>p\u00fablico y tambi\u00e9n a quien el medio p\u00fablico d\u00e9 el cr\u00e9dito de<br \/>realizaci\u00f3n y creatividad, y en su caso el cr\u00e9dito de desarrollo<br \/>de plataforma y\/o ingenier\u00eda de distribuci\u00f3n o similar.<\/p><p>\u2013 Todos los Nominados recibir\u00e1n su Nominaci\u00f3n como Finalistas<br \/>en calidad impresi\u00f3n.<\/p><p>\u2013 El Jurado tiene la facultad si as\u00ed lo considera en su momento, de otorgar Menciones Especiales o Premios Especiales, al igual que el Festival por excepci\u00f3n.<\/p><p><strong>CL\u00c1USULA TRECEAVA<\/strong>. Todos los casos no especificados por la presente Convocatoria ser\u00e1n resueltos por el Comit\u00e9 Organizador o en su caso por e Jurado<\/p>\t\t\t\t\t\t\t\t<\/div>\n\t\t\t\t<div class=\"elementor-element elementor-element-00fe013 elementor-align-center elementor-widget elementor-widget-button\" data-id=\"00fe013\" data-element_type=\"widget\" data-e-type=\"widget\" data-widget_type=\"button.default\">\n\t\t\t\t\t\t\t\t\t\t<a class=\"elementor-button elementor-button-link elementor-size-sm elementor-animation-grow\" href=\"https:\/\/revistapantalla.com\/?page_id=5989\">\n\t\t\t\t\t\t<span class=\"elementor-button-content-wrapper\">\n\t\t\t\t\t\t\t\t\t<span class=\"elementor-button-text\">\ud83d\udc49 Inscribe tu pieza aqu\u00ed \ud83d\udc48<\/span>\n\t\t\t\t\t<\/span>\n\t\t\t\t\t<\/a>\n\t\t\t\t\t\t\t\t<\/div>\n\t\t\t\t\t<\/div>\n\t\t\t\t<\/div>\n\t\t\t\t<\/div>\n\t\t","protected":false},"excerpt":{"rendered":"<p>Bases Festival Pantalla de Cristal \/ Premios Especiales para la RED M\u00e9xico \/ ATEI \ud83d\udc49 Inscribe tu pieza aqu\u00ed \ud83d\udc48 Inscripciones abiertas al Festival Pantalla de Cristal \/ Premios Especiales para la RED M\u00e9xico \/ ATEI CL\u00c1USULA PRIMERA. El objetivo principal de los Premios Especiales del FestivalPantalla de Cristal \/ RED de Medios P\u00fablicos \/ [&hellip;]<\/p>\n","protected":false},"author":1,"featured_media":0,"parent":0,"menu_order":0,"comment_status":"closed","ping_status":"closed","template":"","meta":{"_acf_changed":false,"footnotes":""},"class_list":["post-5999","page","type-page","status-publish","hentry"],"acf":[],"_links":{"self":[{"href":"https:\/\/revistapantalla.com\/index.php?rest_route=\/wp\/v2\/pages\/5999","targetHints":{"allow":["GET"]}}],"collection":[{"href":"https:\/\/revistapantalla.com\/index.php?rest_route=\/wp\/v2\/pages"}],"about":[{"href":"https:\/\/revistapantalla.com\/index.php?rest_route=\/wp\/v2\/types\/page"}],"author":[{"embeddable":true,"href":"https:\/\/revistapantalla.com\/index.php?rest_route=\/wp\/v2\/users\/1"}],"replies":[{"embeddable":true,"href":"https:\/\/revistapantalla.com\/index.php?rest_route=%2Fwp%2Fv2%2Fcomments&post=5999"}],"version-history":[{"count":7,"href":"https:\/\/revistapantalla.com\/index.php?rest_route=\/wp\/v2\/pages\/5999\/revisions"}],"predecessor-version":[{"id":6007,"href":"https:\/\/revistapantalla.com\/index.php?rest_route=\/wp\/v2\/pages\/5999\/revisions\/6007"}],"wp:attachment":[{"href":"https:\/\/revistapantalla.com\/index.php?rest_route=%2Fwp%2Fv2%2Fmedia&parent=5999"}],"curies":[{"name":"wp","href":"https:\/\/api.w.org\/{rel}","templated":true}]}}